{"id":27946,"date":"2021-07-06T09:41:03","date_gmt":"2021-07-06T09:41:03","guid":{"rendered":"https:\/\/confederacionssc.es\/?page_id=27946"},"modified":"2021-07-06T09:41:10","modified_gmt":"2021-07-06T09:41:10","slug":"horizonte-europa","status":"publish","type":"page","link":"https:\/\/confesq.org\/?page_id=27946","title":{"rendered":"Horizonte europa"},"content":{"rendered":"<div class=\"wpb-content-wrapper\"><p>[vc_row css=\u00bb.vc_custom_1530698774481{margin-bottom: 0px !important;padding-bottom: 0px !important;}\u00bb el_class=\u00bbno-paddings\u00bb][vc_column][vc_single_image image=\u00bb27948&#8243; img_size=\u00bblarge\u00bb alignment=\u00bbcenter\u00bb style=\u00bbvc_box_shadow\u00bb][\/vc_column][\/vc_row][vc_row full_width=\u00bbstretch_row_content\u00bb equal_height=\u00bbyes\u00bb css=\u00bb.vc_custom_1625564393926{margin-bottom: 0px !important;padding-bottom: 0px !important;}\u00bb el_class=\u00bbno-paddings\u00bb][vc_column css=\u00bb.vc_custom_1530698992229{padding-right: 65px !important;padding-left: 100px !important;background-color: #f0f3f2 !important;}\u00bb offset=\u00bbvc_col-lg-12 vc_col-md-1&#8243;][vc_column_text]<\/p>\n<div class=\"title-h2 title-h3\" style=\"text-align: center;\">BIBLIOTECA DE DOCUMENTOS- HORIZONTE EUROPA<\/div>\n<p>[\/vc_column_text][vc_separator color=\u00bbcustom\u00bb el_width=\u00bb80&#8243; accent_color=\u00bb#b82551&#8243;][vc_column_text css=\u00bb.vc_custom_1625511954758{margin-right: 30px !important;}\u00bb]<\/p>\n<ul>\n<li>\n<div class=\"styled-subtitle\" style=\"text-align: justify;\"><span style=\"text-decoration: underline;\"><a href=\"https:\/\/www.horizon-europe-infodays2021.eu\/system\/files\/2021-05\/Horizon_Europe_s_first_strategic_plan_2021-2024___Commission_sets_research_and_innovation_priorities_for_a_sustainable_future.pdf\" target=\"_blank\" rel=\"noopener\"><strong>Plan estrat\u00e9gico de Horizonte Europa 2021-2024<\/strong><\/a><\/span> ingl\u00e9s.<\/div>\n<\/li>\n<li style=\"text-align: justify;\">\n<div class=\"styled-subtitle\"><a href=\"https:\/\/ec.europa.eu\/info\/research-and-innovation\/funding\/funding-opportunities\/funding-programmes-and-open-calls\/horizon-europe_en\" target=\"_blank\" rel=\"noopener\"><strong><span style=\"text-decoration: underline;\">Horizonte Europa<\/span> <\/strong><\/a>ingl\u00e9s.<\/div>\n<\/li>\n<li style=\"text-align: justify;\">\n<div class=\"styled-subtitle\"><span style=\"text-decoration: underline;\"><a href=\"https:\/\/ec.europa.eu\/research-and-innovation\/en\/events\/upcoming-events\/research-innovation-days\/workshops\" target=\"_blank\" rel=\"noopener\"><strong>Jornadas de Investigaci\u00f3n e Innovaci\u00f3n 2021<\/strong><\/a><\/span> ingl\u00e9s.<\/div>\n<\/li>\n<li style=\"text-align: justify;\">\n<div class=\"styled-subtitle\"><a href=\"https:\/\/ec.europa.eu\/research\/participants\/docs\/h2020-funding-guide\/other\/event210421.htm\" target=\"_blank\" rel=\"noopener\"><strong><span style=\"text-decoration: underline;\">Webinar: Una propuesta de \u00e9xito para Horizonte Europa: la excelencia cient\u00edfico-t\u00e9cnica es clave, pero no olvide los otros aspectos (21 de abril de 2021)<\/span> <\/strong><\/a>ingl\u00e9s.<\/div>\n<\/li>\n<li style=\"text-align: justify;\">\n<div class=\"styled-subtitle\"><a href=\"https:\/\/ec.europa.eu\/research\/participants\/docs\/h2020-funding-guide\/other\/event210324.htm\" target=\"_blank\" rel=\"noopener\"><strong><span style=\"text-decoration: underline;\">Webinar: C\u00f3mo preparar una propuesta exitosa en Horizonte Europa (24 de marzo de 2021)<\/span> <\/strong><\/a>ingl\u00e9s.<\/div>\n<\/li>\n<li style=\"text-align: justify;\">\n<div class=\"styled-subtitle\"><span style=\"text-decoration: underline;\"><a href=\"https:\/\/ec.europa.eu\/info\/strategy\/priorities-2019-2024\/promoting-our-european-way-life\/european-health-union_en\" target=\"_blank\" rel=\"noopener\"><strong>Uni\u00f3n de la salud de la UE<\/strong><\/a><\/span> ingl\u00e9s.<\/div>\n<\/li>\n<li style=\"text-align: justify;\">\n<div class=\"styled-subtitle\"><a href=\"https:\/\/ec.europa.eu\/info\/research-and-innovation\/funding\/funding-opportunities\/funding-programmes-and-open-calls\/horizon-europe\/european-partnerships-horizon-europe\/candidates-european-partnerships-health_en\" target=\"_blank\" rel=\"noopener\"><strong><span style=\"text-decoration: underline;\">Asociaciones de la UE en materia de salud<\/span> <\/strong><\/a>ingl\u00e9s.<\/div>\n<\/li>\n<li style=\"text-align: justify;\">\n<div class=\"styled-subtitle\"><span style=\"text-decoration: underline;\"><a href=\"https:\/\/ec.europa.eu\/info\/strategy\/priorities-2019-2024\/promoting-our-european-way-life\/european-health-union\/cancer-plan-europe_en\" target=\"_blank\" rel=\"noopener\"><strong>Un plan de c\u00e1ncer para Europa<\/strong><\/a><\/span> ingl\u00e9s.<\/div>\n<\/li>\n<li style=\"text-align: justify;\">\n<div class=\"styled-subtitle\"><a href=\"https:\/\/healthbe2021.b2match.io\/\" target=\"_blank\" rel=\"noopener\"><strong><span style=\"text-decoration: underline;\">CLUSTER Health &#8211; Evento de corretaje de Horizonte Europa: \u00a1con\u00e9ctese! organizado el 5 de julio de 2021 \u00abEvento Virtual Matchmaking para ampliar su red de investigaci\u00f3n e innovaci\u00f3n\u00bb<\/span> <\/strong><\/a>ingl\u00e9s.<\/div>\n<\/li>\n<li style=\"text-align: justify;\">\n<div class=\"styled-subtitle\"><a href=\"https:\/\/ec.europa.eu\/info\/research-and-innovation\/contact\/research-enquiry-service_en\" target=\"_blank\" rel=\"noopener\"><strong><span style=\"text-decoration: underline;\">\u00bfPreguntas despu\u00e9s del evento? Comun\u00edquese con nosotros a trav\u00e9s del Servicio de consultas de investigaci\u00f3n<\/span> <\/strong><\/a>ingl\u00e9s.<\/div>\n<\/li>\n<li style=\"text-align: justify;\">\n<div class=\"styled-subtitle\"><span style=\"text-decoration: underline;\"><a href=\"https:\/\/ec.europa.eu\/info\/funding-tenders\/opportunities\/portal\/screen\/support\/faq;type=0,1;categories=;programme=null;keyword=;period=null;status=0,1;sortQuery=relevance;faqListKey=faqSearchTablePageState\" target=\"_blank\" rel=\"noopener\"><strong>Visite la secci\u00f3n de preguntas frecuentes en el portal de financiaci\u00f3n<\/strong><\/a><\/span> ingl\u00e9s.<\/div>\n<\/li>\n<li style=\"text-align: justify;\">\n<div class=\"styled-subtitle\"><a href=\"https:\/\/ec.europa.eu\/info\/research-and-innovation\/research-area\/health-research-and-innovation\/environment-and-health_en\" target=\"_blank\" rel=\"noopener\"><strong><span style=\"text-decoration: underline;\">Medio Ambiente y Salud<\/span> <\/strong><\/a>ingl\u00e9s.<\/div>\n<\/li>\n<li style=\"text-align: justify;\">\n<div class=\"styled-subtitle\"><span style=\"text-decoration: underline;\"><a href=\"https:\/\/ec.europa.eu\/info\/law\/better-regulation\/have-your-say\/initiatives\/12154-Plan-Europeo-de-Lucha-contra-el-Cancer_es\" target=\"_blank\" rel=\"noopener\"><strong>Plan europeo de lucha contra el c\u00e1ncer<\/strong><\/a><\/span> ingl\u00e9s.<\/div>\n<\/li>\n<li style=\"text-align: justify;\">\n<div class=\"styled-subtitle\"><span style=\"text-decoration: underline;\"><a href=\"https:\/\/ec.europa.eu\/info\/publications\/conquering-cancer-mission-possible_en\" target=\"_blank\" rel=\"noopener\"><strong>Esquema de la misi\u00f3n del c\u00e1ncer<\/strong><\/a><\/span> ingl\u00e9s.<\/div>\n<\/li>\n<li style=\"text-align: justify;\">\n<div class=\"styled-subtitle\"><span style=\"text-decoration: underline;\"><a href=\"https:\/\/www.who.int\/publications\/i\/item\/9789241506236\" target=\"_blank\" rel=\"noopener\"><strong>Plan de acci\u00f3n mundial de la OMS para la prevenci\u00f3n y el control de las ENT 2013-2020 (resoluci\u00f3n WHA66.10)<\/strong><\/a><\/span> ingl\u00e9s.<\/div>\n<\/li>\n<li style=\"text-align: justify;\">\n<div class=\"styled-subtitle\"><a href=\"https:\/\/digital-strategy.ec.europa.eu\/en\/library\/ethics-guidelines-trustworthy-ai\" target=\"_blank\" rel=\"noopener\"><strong><span style=\"text-decoration: underline;\">Directrices \u00e9ticas para una IA fiable<\/span> <\/strong><\/a>ingl\u00e9s.<\/div>\n<\/li>\n<li style=\"text-align: justify;\">\n<div class=\"styled-subtitle\"><span style=\"text-decoration: underline;\"><a href=\"https:\/\/www.icpermed.eu\/\" target=\"_blank\" rel=\"noopener\"><strong>Consorcio Internacional de Medicina Personalizada (ICPerMed)<\/strong><\/a><\/span> ingl\u00e9s.<\/div>\n<\/li>\n<li style=\"text-align: justify;\">\n<div class=\"styled-subtitle\"><a href=\"https:\/\/digital-strategy.ec.europa.eu\/en\/policies\/1-million-genomes\" target=\"_blank\" rel=\"noopener\"><strong><span style=\"text-decoration: underline;\">Iniciativa europea \u00abM\u00e1s de un mill\u00f3n de genomas\u00bb<\/span> <\/strong><\/a>ingl\u00e9s.<\/div>\n<\/li>\n<li style=\"text-align: justify;\">\n<div class=\"styled-subtitle\"><a href=\"https:\/\/ec.europa.eu\/health\/sites\/default\/files\/antimicrobial_resistance\/docs\/amr_2017_action-plan.pdf\" target=\"_blank\" rel=\"noopener\"><strong><span style=\"text-decoration: underline;\">Un plan de acci\u00f3n europeo Una sola salud contra la resistencia a los antimicrobianos (RAM)<\/span> <\/strong><\/a>ingl\u00e9s.<\/div>\n<\/li>\n<li>\n<div class=\"styled-subtitle\" style=\"text-align: justify;\"><a href=\"https:\/\/ec.europa.eu\/info\/sites\/default\/files\/research_and_innovation\/funding\/documents\/edctp3_draft_proposal_14_august_2020.pdf\" target=\"_blank\" rel=\"noopener\"><strong><span style=\"text-decoration: underline;\">Proyecto de propuesta del Programa de Asociaci\u00f3n de Ensayos Cl\u00ednicos de Europa y Pa\u00edses en Desarrollo 3<\/span> <\/strong><\/a>ingl\u00e9s.<\/div>\n<\/li>\n<li>\n<div class=\"styled-subtitle\" style=\"text-align: justify;\"><a href=\"https:\/\/onehealthejp.eu\/\" target=\"_blank\" rel=\"noopener\"><span style=\"text-decoration: underline;\"><strong>Programa Conjunto Europeo Una Salud (OHEJP)<\/strong><\/span> <\/a>ingl\u00e9s.<\/div>\n<\/li>\n<li style=\"text-align: justify;\">\n<div class=\"styled-subtitle\"><span style=\"text-decoration: underline;\"><a href=\"https:\/\/icars-global.org\/\" target=\"_blank\" rel=\"noopener\"><strong>Centro internacional de soluciones de resistencia a los antimicrobianos<\/strong><\/a><\/span> ingl\u00e9s.<\/div>\n<\/li>\n<li style=\"text-align: justify;\">\n<div class=\"styled-subtitle\"><a href=\"https:\/\/ec.europa.eu\/info\/law\/better-regulation\/have-your-say\/initiatives\/12870-European-Health-Emergency-Preparedness-and-Response-Authority-HERA-_en\" target=\"_blank\" rel=\"noopener\"><strong><span style=\"text-decoration: underline;\">Autoridad Europea de Preparaci\u00f3n y Respuesta a Emergencias Sanitarias (HERA)<\/span> <\/strong><\/a>ingl\u00e9s.<\/div>\n<\/li>\n<li style=\"text-align: justify;\">\n<div class=\"styled-subtitle\"><span style=\"text-decoration: underline;\"><a href=\"https:\/\/ec.europa.eu\/info\/funding-tenders\/opportunities\/docs\/2021-2027\/horizon\/guidance\/essential-information-for-clinical-studies_horizon_en.pdf\" target=\"_blank\" rel=\"noopener\"><strong>Informaci\u00f3n esencial para estudios cl\u00ednicos en Horizonte Europa<\/strong><\/a><\/span> ingl\u00e9s.<\/div>\n<\/li>\n<li style=\"text-align: justify;\">\n<div class=\"styled-subtitle\"><a href=\"https:\/\/www.horizon-europe-infodays2021.eu\/system\/files\/2021-07\/FAQ%20on%20JRC%20Horizon%20Europe.pdf\" target=\"_blank\" rel=\"noopener\"><strong><span style=\"text-decoration: underline;\">Preguntas frecuentes sobre JRC Horizon Europe<\/span> <\/strong><\/a>ingl\u00e9s.<\/div>\n<\/li>\n<li style=\"text-align: justify;\">\n<div class=\"styled-subtitle\"><span style=\"text-decoration: underline;\"><a href=\"https:\/\/www.horizon-europe-infodays2021.eu\/system\/files\/2021-07\/HaDEA%20-%20Health%20Research.pdf\" target=\"_blank\" rel=\"noopener\"><strong>HaDEA &#8211; Investigaci\u00f3n en salud<\/strong><\/a><\/span> ingl\u00e9s.<\/div>\n<\/li>\n<li style=\"text-align: justify;\">\n<div class=\"styled-subtitle\"><span style=\"text-decoration: underline;\"><a href=\"https:\/\/www.horizon-europe-infodays2021.eu\/system\/files\/2021-07\/HorizonEurope_HealthCluster_InfoDay_20210702.pdf\" target=\"_blank\" rel=\"noopener\"><strong>HorizonEurope HealthCluster InfoD\u00eda 20210702<\/strong><\/a><\/span> ingl\u00e9s.<\/div>\n<\/li>\n<li style=\"text-align: justify;\">\n<div class=\"styled-subtitle\"><a href=\"https:\/\/www.horizon-europe-infodays2021.eu\/system\/files\/2021-07\/InfoDay%202021_Alliance4Life.pdf\" target=\"_blank\" rel=\"noopener\"><strong><span style=\"text-decoration: underline;\">InfoD\u00eda 2021 Alliance4Life<\/span> <\/strong><\/a>ingl\u00e9s.<\/div>\n<\/li>\n<li style=\"text-align: justify;\">\n<div class=\"styled-subtitle\"><span style=\"text-decoration: underline;\"><a href=\"https:\/\/www.horizon-europe-infodays2021.eu\/system\/files\/2021-07\/InfoDay%202021_National_Contact_Points.pdf\" target=\"_blank\" rel=\"noopener\"><strong>InfoDay 2021 Puntos de contacto nacionales<\/strong><\/a><\/span> ingl\u00e9s.<\/div>\n<\/li>\n<li>\n<div class=\"styled-subtitle\" style=\"text-align: justify;\"><span style=\"text-decoration: underline;\"><a href=\"https:\/\/www.horizon-europe-infodays2021.eu\/system\/files\/2021-07\/InfoDay%202021_National_Focal_Points.pdf\" target=\"_blank\" rel=\"noopener\"><strong>InfoD\u00eda 2021 Puntos Focales Nacionales<\/strong><\/a><\/span> ingl\u00e9s.<\/div>\n<\/li>\n<\/ul>\n<p>[\/vc_column_text][vc_empty_space height=\u00bb20px\u00bb][vc_empty_space height=\u00bb20px\u00bb][\/vc_column][\/vc_row]<\/p>\n<\/div>","protected":false},"excerpt":{"rendered":"<p>[vc_row css=\u00bb.vc_custom_1530698774481{margin-bottom: 0px !important;padding-bottom: 0px !important;}\u00bb el_class=\u00bbno-paddings\u00bb][vc_column][vc_single_image image=\u00bb27948&#8243; img_size=\u00bblarge\u00bb alignment=\u00bbcenter\u00bb style=\u00bbvc_box_shadow\u00bb][\/vc_column][\/vc_row][vc_row full_width=\u00bbstretch_row_content\u00bb equal_height=\u00bbyes\u00bb css=\u00bb.vc_custom_1625564393926{margin-bottom: 0px !important;padding-bottom: 0px !important;}\u00bb el_class=\u00bbno-paddings\u00bb][vc_column css=\u00bb.vc_custom_1530698992229{padding-right:&#8230;<\/p>\n","protected":false},"author":2,"featured_media":0,"parent":0,"menu_order":0,"comment_status":"closed","ping_status":"closed","template":"","meta":{"footnotes":""},"class_list":["post-27946","page","type-page","status-publish"],"_links":{"self":[{"href":"https:\/\/confesq.org\/index.php?rest_route=\/wp\/v2\/pages\/27946","targetHints":{"allow":["GET"]}}],"collection":[{"href":"https:\/\/confesq.org\/index.php?rest_route=\/wp\/v2\/pages"}],"about":[{"href":"https:\/\/confesq.org\/index.php?rest_route=\/wp\/v2\/types\/page"}],"author":[{"embeddable":true,"href":"https:\/\/confesq.org\/index.php?rest_route=\/wp\/v2\/users\/2"}],"replies":[{"embeddable":true,"href":"https:\/\/confesq.org\/index.php?rest_route=%2Fwp%2Fv2%2Fcomments&post=27946"}],"version-history":[{"count":3,"href":"https:\/\/confesq.org\/index.php?rest_route=\/wp\/v2\/pages\/27946\/revisions"}],"predecessor-version":[{"id":27952,"href":"https:\/\/confesq.org\/index.php?rest_route=\/wp\/v2\/pages\/27946\/revisions\/27952"}],"wp:attachment":[{"href":"https:\/\/confesq.org\/index.php?rest_route=%2Fwp%2Fv2%2Fmedia&parent=27946"}],"curies":[{"name":"wp","href":"https:\/\/api.w.org\/{rel}","templated":true}]}}