{"id":27333,"date":"2020-10-14T09:31:02","date_gmt":"2020-10-14T09:31:02","guid":{"rendered":"http:\/\/confederacionssc.es\/?page_id=27333"},"modified":"2021-06-02T09:05:01","modified_gmt":"2021-06-02T09:05:01","slug":"jornada-ultimos-avances-en-la-investigacion-de-fm-sfc-em-sqm-y-ehs","status":"publish","type":"page","link":"https:\/\/confesq.org\/?page_id=27333","title":{"rendered":"Jornada \u00daltimos Avances en la Investigaci\u00f3n de FM, SFC\/EM, SQM y EHS"},"content":{"rendered":"<div class=\"wpb-content-wrapper\"><p>[vc_row][vc_column][vc_single_image image=\u00bb26607&#8243; img_size=\u00bblarge\u00bb alignment=\u00bbcenter\u00bb][\/vc_column][\/vc_row][vc_row][vc_column][vc_column_text css=\u00bb.vc_custom_1602667111245{margin-right: 30px !important;margin-left: 30px !important;}\u00bb]<\/p>\n<div id=\"vc_row-5f86c128af5ee\" class=\"vc_row wpb_row vc_row-fluid\">\n<div class=\"wpb_column vc_column_container vc_col-sm-12\">\n<div class=\"vc_column-inner \">\n<div class=\"wpb_wrapper\">\n<div class=\"wpb_text_column wpb_content_element vc_custom_1568731260602\">\n<div class=\"wpb_wrapper styled-subtitle\">Jornada celebrada el\u00a0<strong>25 de octubre en el Centro de Investigaci\u00f3n Pr\u00edncipe Felipe de Valencia,\u00a0<\/strong>con un doble objetivo:<\/div>\n<\/div>\n<\/div>\n<\/div>\n<\/div>\n<\/div>\n<div id=\"vc_row-5f86c128afd12\" class=\"vc_row wpb_row vc_row-fluid\">\n<div class=\"wpb_column vc_column_container vc_col-sm-12\">\n<div class=\"vc_column-inner \">\n<div class=\"wpb_wrapper\">\n<div class=\"wpb_text_column wpb_content_element vc_custom_1568731437787\">\n<div class=\"wpb_wrapper styled-subtitle\">\n<ul>\n<li>\n<div class=\"styled-subtitle\">Presentar una panor\u00e1mica de la actualidad en la investigaci\u00f3n de las patolog\u00edas que representa CONFESQ.<\/div>\n<\/li>\n<li>\n<div class=\"styled-subtitle\">Promover la creaci\u00f3n de una o m\u00e1s redes de investigaci\u00f3n espa\u00f1olas.<\/div>\n<\/li>\n<\/ul>\n<p style=\"text-align: justify;\">El programa dise\u00f1ado contaba con ponentes de primer orden y culmin\u00f3 con una propuesta de trabajo en grupos para sentar las bases de una o m\u00e1s redes de investigaci\u00f3n. Adem\u00e1s, los asistentes tuvieron la oportunidad de presentar un P\u00d3STER centrado en la investigaci\u00f3n en estas \u00e1reas.<\/p>\n<\/div>\n<\/div>\n<\/div>\n<\/div>\n<\/div>\n<\/div>\n<p>[\/vc_column_text][vc_column_text css=\u00bb.vc_custom_1602667176128{margin-right: 30px !important;margin-left: 30px !important;}\u00bb]<\/p>\n<div class=\"styled-subtitle\">Contamos con el apoyo inestimable de un COMIT\u00c9 CIENT\u00cdFICO formado por:<\/div>\n<ul>\n<li>\n<div class=\"styled-subtitle\"><em>\u00a0 Dr. Ceferino Maestu: Especialista en Bioelectromagnetismo.\u00a0<a href=\"http:\/\/www.ctb.upm.es\/\" target=\"_blank\" rel=\"noopener\">Centro de Tecnolog\u00eda Biom\u00e9dica (CTB)<\/a>,\u00a0<a href=\"http:\/\/www.upm.es\/\" target=\"_blank\" rel=\"noopener\">Universidad Polit\u00e9cnica de Madrid<\/a>.\u00a0<\/em><\/div>\n<\/li>\n<li>\n<div class=\"styled-subtitle\"><em>\u00a0 Dr. Jes\u00fas Castro: \u00a0Investigador de EM\/SFC asociado a Medicina Interna del\u00a0<a href=\"http:\/\/es.vhir.org\/portal1\/homepage.asp?\" target=\"_blank\" rel=\"noopener\">Vall d\u00b4Hebron Institute Research (VHIR)<\/a>, Barcelona.\u00a0\u00a0<\/em><\/div>\n<\/li>\n<li>\n<div class=\"styled-subtitle\"><em>Dra. Elisa Oltra: \u00a0Investigadora del Laboratorio de Biomedicina y Profesora de Biolog\u00eda Celular y Molecular en la\u00a0<a href=\"https:\/\/www.ucv.es\/\" target=\"_blank\" rel=\"noopener\">Universidad Cat\u00f3lica de Valencia San Vicente M\u00e1rtir (UCV)<\/a>\u00a0en Valencia (Espa\u00f1a).<\/em><\/div>\n<\/li>\n<li>\n<div class=\"styled-subtitle\"><em>Dra. Eva M\u00aa Mart\u00edn: M\u00e9dico de Atenci\u00f3n Primaria. Especialista en EM\/SFC, Valencia.<\/em><\/div>\n<\/li>\n<li>\n<div class=\"styled-subtitle\"><em>Dra. Pilar Mu\u00f1oz-Calero: Experta en\u00a0Medicina Ambiental. Presidenta de la\u00a0<a href=\"http:\/\/www.fundacion-alborada.org\/\" target=\"_blank\" rel=\"noopener\">Fundaci\u00f3n Blue Alborada<\/a>\u00a0y Directora M\u00e9dica de\u00a0<a href=\"https:\/\/www.bluehealthcare.es\/\" target=\"_blank\" rel=\"noopener\">Blue Healthcare<\/a>.<\/em><\/div>\n<\/li>\n<\/ul>\n<p>[\/vc_column_text][vc_column_text css=\u00bb.vc_custom_1602667403338{margin-right: 30px !important;margin-left: 30px !important;}\u00bb]<\/p>\n<div class=\"styled-subtitle\" style=\"text-align: center;\"><span style=\"text-decoration: underline;\"><strong>PROGRAMA<\/strong><\/span><\/div>\n<p>[\/vc_column_text][vc_column_text css=\u00bb.vc_custom_1602667321877{margin-right: 30px !important;margin-left: 30px !important;}\u00bb]<\/p>\n<blockquote>\n<div class=\"styled-subtitle\"><span style=\"text-decoration: underline;\">PRIMERA PARTE: Actualizaci\u00f3n en la Investigaci\u00f3n<\/span><\/div>\n<div class=\"styled-subtitle\"><em>Dirigida a:\u00a0 Profesionales y Equipos Directivos de asociaciones de pacientes<\/em><\/div>\n<div class=\"styled-subtitle\"><strong>9:30 h. Recogida de Acreditaciones<\/strong><\/div>\n<div class=\"styled-subtitle\"><strong>10:00 h. Inaguraci\u00f3n\u00a0<\/strong><\/div>\n<div class=\"styled-subtitle\">\n<ul>\n<li>Dra. Mercedes Hurtado. Presidenta del Colegio de M\u00e9dicos de Valencia.<\/li>\n<li>Dra. Deborah J. Burks. Directora del CIPF.<\/li>\n<li>D. Vicente de Juan. Director Econ\u00f3mico del Instituto de Investigaci\u00f3n Sanitaria- INCLIVA.<\/li>\n<li>D\u00f1a. M\u00aa Jos\u00e9 F\u00e9lix. Presidenta de CONFESQ.<\/li>\n<\/ul>\n<\/div>\n<div class=\"styled-subtitle\"><strong>10:15 h. Ponencia: Fibromialgia<\/strong><\/div>\n<div class=\"styled-subtitle\">\n<ul>\n<li>Dr. Antonio Collado. Reumat\u00f3logo del Hospital Cl\u00ednic de Barcelona. Presidente de SEFIFAC, Barcelona, Espa\u00f1a.<\/li>\n<li>Dr. Juan Manuel Falc\u00f3n. Bi\u00f3logo Molecular en CIC bioGUNE, Vizcaya, Espa\u00f1a.<\/li>\n<\/ul>\n<\/div>\n<div class=\"styled-subtitle\"><strong>11:00 h. Caf\u00e9 Relacional y P\u00f3sters<\/strong><\/div>\n<div class=\"styled-subtitle\"><strong>11:30 h. Mesa redonda: Sensibilidad Qu\u00edmica M\u00faltiple y Electrohipersensibilidad<\/strong><\/div>\n<div class=\"styled-subtitle\">\n<ul>\n<li>Modera: Dr. Ceferino Maestu. Centro de Tecnolog\u00eda Biom\u00e9dica (CTB), Universidad Polit\u00e9cnica de Madrid. Presidente de la SESSEC, Espa\u00f1a.<\/li>\n<li>Dra. Pilar Mu\u00f1oz Calero. Presidenta de la Fundaci\u00f3n Blue-Alborada. Directora M\u00e9dica de Blue Healthcare, Madrid, Espa\u00f1a.<\/li>\n<li>Dr. Antonio M\u00aa Pasciuto. Presidente de la Associazione Italiana Ambiente e Medicina della Salute- ASSISMAS. Miembro del Consejo Directivo de la Accademia Europea di Medicina Ambientale- EUROPAEM, Italia.<\/li>\n<\/ul>\n<\/div>\n<div class=\"styled-subtitle\"><strong>12:45 h. Ponencia: S\u00edndrome de Fatiga Cr\u00f3nica\/ Encefalomielitis Mi\u00e1lgica<\/strong><\/div>\n<div class=\"styled-subtitle\">\n<ul>\n<li>Dr. Jos\u00e9 Alegre. Unidad de S\u00edndromes de Sensibilidad Central del Hospital Vall d\u00b4Hebron, Barcelona, Espa\u00f1a.<\/li>\n<li>Dr. Pawe\u0142 Zalewski. Departamento de Higiene, Epidemiolog\u00eda y Ergonom\u00eda en Uniwersytet Mikolaja Kopernika Collegium Medicum, Bydgoszcz, Polonia.<\/li>\n<\/ul>\n<\/div>\n<div class=\"styled-subtitle\"><strong>14:15h. Clausura<\/strong><\/div>\n<div class=\"styled-subtitle\">\n<ul>\n<li>D\u00f1a. Isaura Navarro. Secretaria Auton\u00f3mica de Salud P\u00fablica y Sistema Sanitario P\u00fablico\u00a0de la Comunidad Valenciana, Espa\u00f1a.<\/li>\n<\/ul>\n<\/div>\n<div class=\"styled-subtitle\"><span style=\"text-decoration: underline;\">SEGUNDA PARTE: Promoci\u00f3n de Redes de Investigaci\u00f3n Espa\u00f1olas<\/span><\/div>\n<div class=\"styled-subtitle\"><em>Dirigida solo a profesionales\u00a0<\/em><\/div>\n<div class=\"styled-subtitle\"><strong>16:00 h. Ponencia: Redes de Investigaci\u00f3n<\/strong><\/div>\n<div class=\"styled-subtitle\">\n<ul>\n<li>Dr. Juan Manuel Falc\u00f3n. Bi\u00f3logo Molecular en CIC bioGUNE, Vizcaya, Espa\u00f1a.<\/li>\n<\/ul>\n<\/div>\n<div class=\"styled-subtitle\"><strong>17:00 h. Grupos de Trabajo<\/strong><\/div>\n<ul>\n<li>\n<div class=\"styled-subtitle\">A) Fibromialgia<\/div>\n<\/li>\n<li>\n<div class=\"styled-subtitle\">B) S\u00edndrome de Fatiga Cr\u00f3nica\/ Encefalomielitis Mi\u00e1lgica<\/div>\n<\/li>\n<li>\n<div class=\"styled-subtitle\">C) Sensibilidad Qu\u00edmica M\u00faltiple+Electrohipersensibilidad<\/div>\n<\/li>\n<\/ul>\n<\/blockquote>\n<p>[\/vc_column_text][vc_column_text css=\u00bb.vc_custom_1622623869445{margin-right: 30px !important;margin-left: 30px !important;}\u00bb]<\/p>\n<div class=\"styled-subtitle\" style=\"text-align: justify;\">A continuaci\u00f3n, os dejamos algunos v\u00eddeos de los principales bloques que se trataron en la jornada:<\/div>\n<p>[\/vc_column_text][vc_column_text css=\u00bb.vc_custom_1622624006635{margin-right: 30px !important;margin-left: 30px !important;}\u00bb]<\/p>\n<div class=\"styled-subtitle\" style=\"text-align: center;\"><strong>Bloque I: Fibromialgia<\/strong><\/div>\n<p>[\/vc_column_text][vc_column_text css=\u00bb.vc_custom_1622623965861{margin-right: px !important;margin-left: 305px !important;}\u00bb]<iframe title=\"YouTube video player\" src=\"https:\/\/www.youtube.com\/embed\/Qb618JlA2jY\" width=\"560\" height=\"315\" frameborder=\"0\" allowfullscreen=\"allowfullscreen\"><\/iframe>[\/vc_column_text][vc_column_text css=\u00bb.vc_custom_1622624131971{margin-right: 30px !important;margin-left: 30px !important;}\u00bb]<\/p>\n<div class=\"styled-subtitle\" style=\"text-align: center;\"><strong>Bloque II: Sensibilidad Qu\u00edmica M\u00faltiple y Electrohipersensibilidad<\/strong><\/div>\n<p>[\/vc_column_text][vc_column_text css=\u00bb.vc_custom_1622624084594{margin-right: px !important;margin-left: 305px !important;}\u00bb]<iframe title=\"YouTube video player\" src=\"https:\/\/www.youtube.com\/embed\/n0tA-o8sC4E\" width=\"560\" height=\"315\" frameborder=\"0\" allowfullscreen=\"allowfullscreen\"><\/iframe>[\/vc_column_text][vc_column_text css=\u00bb.vc_custom_1622624643672{margin-right: 30px !important;margin-left: 30px !important;}\u00bb]<\/p>\n<div class=\"styled-subtitle\" style=\"text-align: center;\"><strong>Bloque III: Encefalomielitis Mi\u00e1lgica \/ S\u00edndrome de Fatiga Cr\u00f3nica + Clausura<\/strong><\/div>\n<p>[\/vc_column_text][vc_column_text css=\u00bb.vc_custom_1622624395228{margin-right: px !important;margin-left: 305px !important;}\u00bb]<iframe title=\"YouTube video player\" src=\"https:\/\/www.youtube.com\/embed\/w7oyXnRp-JU\" width=\"560\" height=\"315\" frameborder=\"0\" allowfullscreen=\"allowfullscreen\"><\/iframe>[\/vc_column_text][vc_column_text css=\u00bb.vc_custom_1602667486275{margin-right: 30px !important;margin-left: 30px !important;}\u00bb]<\/p>\n<div class=\"styled-subtitle\">Para m\u00e1s informaci\u00f3n escribir a:\u00a0<em>jornadainvestigacion.confesq@gmail.com<\/em><\/div>\n<p>[\/vc_column_text][vc_gallery type=\u00bbimage_grid\u00bb images=\u00bb26561,26562&#8243; img_size=\u00bbmedium\u00bb title=\u00bbPATROCINADORES\u00bb css=\u00bb.vc_custom_1602667805987{margin-left: 30px !important;}\u00bb][vc_gallery type=\u00bbimage_grid\u00bb images=\u00bb26564,26565,26566,26567,26568,26603&#8243; img_size=\u00bbmedium\u00bb title=\u00bbColaboradores\u00bb css=\u00bb.vc_custom_1602667786899{margin-left: 30px !important;}\u00bb][\/vc_column][\/vc_row]<\/p>\n<\/div>","protected":false},"excerpt":{"rendered":"<p>[vc_row][vc_column][vc_single_image image=\u00bb26607&#8243; img_size=\u00bblarge\u00bb alignment=\u00bbcenter\u00bb][\/vc_column][\/vc_row][vc_row][vc_column][vc_column_text css=\u00bb.vc_custom_1602667111245{margin-right: 30px !important;margin-left: 30px !important;}\u00bb] Jornada celebrada el\u00a025 de octubre en el Centro de Investigaci\u00f3n Pr\u00edncipe&#8230;<\/p>\n","protected":false},"author":2,"featured_media":0,"parent":0,"menu_order":0,"comment_status":"closed","ping_status":"closed","template":"","meta":{"footnotes":""},"class_list":["post-27333","page","type-page","status-publish"],"_links":{"self":[{"href":"https:\/\/confesq.org\/index.php?rest_route=\/wp\/v2\/pages\/27333","targetHints":{"allow":["GET"]}}],"collection":[{"href":"https:\/\/confesq.org\/index.php?rest_route=\/wp\/v2\/pages"}],"about":[{"href":"https:\/\/confesq.org\/index.php?rest_route=\/wp\/v2\/types\/page"}],"author":[{"embeddable":true,"href":"https:\/\/confesq.org\/index.php?rest_route=\/wp\/v2\/users\/2"}],"replies":[{"embeddable":true,"href":"https:\/\/confesq.org\/index.php?rest_route=%2Fwp%2Fv2%2Fcomments&post=27333"}],"version-history":[{"count":3,"href":"https:\/\/confesq.org\/index.php?rest_route=\/wp\/v2\/pages\/27333\/revisions"}],"predecessor-version":[{"id":27835,"href":"https:\/\/confesq.org\/index.php?rest_route=\/wp\/v2\/pages\/27333\/revisions\/27835"}],"wp:attachment":[{"href":"https:\/\/confesq.org\/index.php?rest_route=%2Fwp%2Fv2%2Fmedia&parent=27333"}],"curies":[{"name":"wp","href":"https:\/\/api.w.org\/{rel}","templated":true}]}}