{"id":25057,"date":"2018-07-12T11:20:25","date_gmt":"2018-07-12T11:20:25","guid":{"rendered":"http:\/\/confederacionssc.es\/?page_id=25057"},"modified":"2024-06-24T07:28:43","modified_gmt":"2024-06-24T07:28:43","slug":"meet-our-team-03-4","status":"publish","type":"page","link":"https:\/\/confesq.org\/?page_id=25057","title":{"rendered":"CONFESQ"},"content":{"rendered":"<div class=\"wpb-content-wrapper\"><p>[vc_row css=\u00bb.vc_custom_1530698774481{margin-bottom: 0px !important;padding-bottom: 0px !important;}\u00bb el_class=\u00bbno-paddings\u00bb][vc_column][rev_slider_vc alias=\u00bbquienesomos\u00bb][\/vc_column][\/vc_row][vc_row full_width=\u00bbstretch_row_content\u00bb equal_height=\u00bbyes\u00bb css=\u00bb.vc_custom_1468838183811{margin-bottom: 0px !important;padding-bottom: 0px !important;}\u00bb el_class=\u00bbno-paddings\u00bb][vc_column css=\u00bb.vc_custom_1530698992229{padding-right: 65px !important;padding-left: 100px !important;background-color: #f0f3f2 !important;}\u00bb offset=\u00bbvc_col-lg-12 vc_col-md-1&#8243;][vc_text_separator title=\u00bbCONFESQ\u00bb color=\u00bbcustom\u00bb css=\u00bb.vc_custom_1539942971045{background-color: rgba(234,234,234,0.02) !important;*background-color: rgb(234,234,234) !important;}\u00bb accent_color=\u00bb#b82551&#8243;][vc_column_text]<span style=\"font-weight: 400;\">Bienvenidos\/as a CONFESQ. Somos la Coalici\u00f3n Nacional de Fibromialgia (FM), S\u00edndrome de Fatiga Cr\u00f3nica\/Encefalomielitis Mi\u00e1lgica (SFC\/EM), Sensibilidad Qu\u00edmica M\u00faltiple (SQM) y Electrohipersensibilidad (EHS)<\/span><span style=\"font-weight: 400;\">, una entidad sin \u00e1nimo de lucro, de naturaleza asociativa, que se constituy\u00f3 en el a\u00f1o 2004.<\/span><span style=\"font-weight: 400;\"> Las entidades socias inscritas son de diferentes tipos: entidades nacionales, federaciones auton\u00f3micas y asociaciones regionales o auton\u00f3micas. A d\u00eda de hoy, somos m\u00e1s de 60 asociaciones en total llegando a representar m\u00e1s de 11.000 pacientes.<\/span><span style=\"font-weight: 400;\">\u00a0<\/span><\/p>\n<p><span style=\"font-weight: 400;\">Nuestro compromiso es representar y defender los derechos e intereses globales de las personas que sufren <\/span><span style=\"font-weight: 400;\">FM, SFC\/EM, SQM y EHS,<\/span><span style=\"font-weight: 400;\"> as\u00ed como de sus familiares. Esta representaci\u00f3n es tanto a nivel nacional como internacional, ante la sociedad, administraciones y dem\u00e1s Instituciones, integrando e impulsando las acciones de las entidades a las que representa y aquellas que persiguen los mismos fines.<\/span><\/p>\n<p style=\"text-align: justify;\">Actualmente, formamos parte de una serie de entidades tanto a nivel nacional como internacional:<\/p>\n<p>[\/vc_column_text]<div class=\" gem-icon-with-title  gem-icon-with-title-icon-size-small\" ><div class=\"gem-icon-with-title-icon\"><div class=\"gem-icon gem-icon-pack-elegant gem-icon-size-small  gem-icon-shape-square gem-simple-icon \"  style=\"opacity: 1;\"><div class=\"gem-icon-inner\" style=\"\"><span class=\"gem-icon-half-1\" style=\"color: #b82551;\"><span class=\"back-angle\">&#x41;<\/span><\/span><span class=\"gem-icon-half-2\" style=\"color: #b82551;\"><span class=\"back-angle\">&#x41;<\/span><\/span><\/div><\/div><\/div><div class=\"gem-iconed-title\"><h5 style=\"\">Nacionales<\/h5><\/div><\/div>[vc_column_text]<\/p>\n<ul>\n<li>Confederaci\u00f3n Espa\u00f1ola de Personas con Discapacidad F\u00edsica y Org\u00e1nica (COCEMFE):\u00a0Grupo de Trabajo (G.T.) de Salud,\u00a0G.T. de Discapacidad y G.T. de IRPF.<\/li>\n<li>Plataforma de Organizaciones de Pacientes (POP).<\/li>\n<li>Sociedad Espa\u00f1ola de Fibromialgia y S\u00edndrome de Fatiga Cr\u00f3nica (SEFIFAC).<\/li>\n<\/ul>\n<p>[\/vc_column_text]<div class=\" gem-icon-with-title  gem-icon-with-title-icon-size-small\" ><div class=\"gem-icon-with-title-icon\"><div class=\"gem-icon gem-icon-pack-elegant gem-icon-size-small  gem-icon-shape-square gem-simple-icon \"  style=\"opacity: 1;\"><div class=\"gem-icon-inner\" style=\"\"><span class=\"gem-icon-half-1\" style=\"color: #b82551;\"><span class=\"back-angle\">&#x41;<\/span><\/span><span class=\"gem-icon-half-2\" style=\"color: #b82551;\"><span class=\"back-angle\">&#x41;<\/span><\/span><\/div><\/div><\/div><div class=\"gem-iconed-title\"><h5 style=\"\">Internacionales<\/h5><\/div><\/div>[vc_column_text]<\/p>\n<ul>\n<li>Pain Alliance Europe (PAE).<\/li>\n<li>European Network of Fibromyalgia Associates (ENFA).<\/li>\n<li>Pain Mediterranean Coalition (PEC).<\/li>\n<li>European ME Alliance (EMEA).<\/li>\n<\/ul>\n<p>[\/vc_column_text][vc_column_text]<span style=\"font-weight: 400;\">Nuestro trabajo se centra <\/span><span style=\"font-weight: 400;\">en tres lineas de acci\u00f3n fundamentales: <\/span><\/p>\n<ul>\n<li><span style=\"font-weight: 400;\">\u00a0Incidencia pol\u00edtica<\/span><\/li>\n<li><span style=\"font-weight: 400;\">Sensibilizaci\u00f3n social y sanitaria<\/span><\/li>\n<li><span style=\"font-weight: 400;\">Promoci\u00f3n de la investigaci\u00f3n y el conocimiento cient\u00edfico<\/span><\/li>\n<li>Discapacidad y barreras ambientales<\/li>\n<\/ul>\n<p>Asimismo, trabajamos cada d\u00eda en proyectos de concienciaci\u00f3n o sensibilizaci\u00f3n y propuestas que permitan mejorar la calidad de vida de los pacientes que se vean afectados por alguna de estas enfermedades.<\/p>\n<p>[\/vc_column_text][vc_column_text]<\/p>\n<ul>\n<li>Conoce CONFESQ<\/li>\n<\/ul>\n<p>[\/vc_column_text][vc_column_text]https:\/\/www.youtube.com\/watch?v=3c0xloVxuV0[\/vc_column_text][vc_column_text]Por favor, busca en la web con el criterio \u00abMemoria Social\u00bb para conocer mejor nuestro trabajo.[\/vc_column_text][vc_empty_space height=\u00bb16px\u00bb]<div class=\"gem-icon-with-text gem-icon-with-text-icon-size-small\" ><div style=\"margin-bottom:0px;margin-top:0px; \" class=\"gem-icon-with-text-icon\"><div class=\"gem-icon gem-icon-pack-elegant gem-icon-size-small  gem-icon-shape-square gem-simple-icon \"  style=\"opacity: 1;\"><div class=\"gem-icon-inner\" style=\"\"><span class=\"gem-icon-half-1\" style=\"color: #b82551;\"><span class=\"back-angle\">&#x41;<\/span><\/span><span class=\"gem-icon-half-2\" style=\"color: #b82551;\"><span class=\"back-angle\">&#x41;<\/span><\/span><\/div><\/div><\/div><div class=\"gem-icon-with-text-content\" ><div class=\"gem-icon-with-text-text\">[vc_column_text]<\/p>\n<h5>NUESTRO EQUIPO DIRECTIVO<\/h5>\n<p>[\/vc_column_text]<\/div><\/div><div class=\"clearboth\"><\/div><\/div>[vc_empty_space height=\u00bb20px\u00bb][vc_single_image image=\u00bb29754&#8243; img_size=\u00bblarge\u00bb alignment=\u00bbcenter\u00bb][vc_column_text]<span style=\"font-weight: 400;\">Abogamos por <\/span><i><span style=\"font-weight: 400;\">\u201cLa uni\u00f3n hace la fuerza\u201d<\/span><\/i><span style=\"font-weight: 400;\">. <\/span><span style=\"font-weight: 400;\">Desde CONFESQ entendemos que si<\/span> <span style=\"font-weight: 400;\">dej\u00e1ramos<\/span><span style=\"font-weight: 400;\"> a un lado nuestras diferencias y nos uni\u00e9ramos, nuestra voz tendr\u00eda m\u00e1s proyecci\u00f3n y sonar\u00eda con mayor fuerza, siendo m\u00e1s y mejor valorada por la sociedad, Administraci\u00f3n o instituciones a las que dirijamos nuestras iniciativas y demandas.<\/span><\/p>\n<p><span style=\"font-weight: 400;\">En este proceso es necesario influir en todos ellos para que sea reconocida la necesidad de poner en marcha servicios, actividades y programas de cooperaci\u00f3n conjunta; as\u00ed como reivindicar el gran valor de la formaci\u00f3n e informaci\u00f3n destinada a los profesionales, entidades privadas, administraciones p\u00fablicas, etc\u2026, como instrumento para mejorar la calidad de vida de los beneficiarios; promocionar la importancia y necesidad tanto de m\u00e1s investigaciones, con mayor apoyo de las Administraciones p\u00fablicas, como de Agencias Internacionales de Investigaci\u00f3n (como instrumento para la coordinaci\u00f3n y gesti\u00f3n de la financiaci\u00f3n, con fondos p\u00fablicos y privados, destinada a Planes de I+D+I) en la investigaci\u00f3n de estas enfermedades; y fomentar la informaci\u00f3n, sensibilizaci\u00f3n y divulgaci\u00f3n mediante comunicaciones o publicaciones de los avances cient\u00edficos, cl\u00ednicos y t\u00e9cnicos en el tratamiento de estas patolog\u00edas (dirigidas a enfermos, familia, profesionales, dirigentes pol\u00edticos, administraciones p\u00fablicas o privadas y la sociedad en general).<\/span><\/p>\n<p><span style=\"font-weight: 400;\">En definitiva, nos proponemos seguir trabajando para mejorar la calidad de vida de enfermos y familias.<\/span><\/p>\n<p><span style=\"font-weight: 400;\">\u00a1Contamos contigo!<\/span><\/p>\n<p>Puedes seguirnos tambi\u00e9n en nuestras redes sociales<\/p>\n<p>X: https:\/\/twitter.com\/confesq1<\/p>\n<p><u>Facebook<\/u>:\u00a0<span style=\"color: #0000ff;\">Confesq. Coalici\u00f3n Nacional de Fm, Sfc, Ehs y Sqm<\/span><\/p>\n<div><u>Tel\u00e9fono<\/u>: 722225640<\/div>\n<p>[\/vc_column_text][vc_empty_space height=\u00bb20px\u00bb][\/vc_column][\/vc_row]<\/p>\n<\/div>","protected":false},"excerpt":{"rendered":"<p>[vc_row css=\u00bb.vc_custom_1530698774481{margin-bottom: 0px !important;padding-bottom: 0px !important;}\u00bb el_class=\u00bbno-paddings\u00bb][vc_column][rev_slider_vc alias=\u00bbquienesomos\u00bb][\/vc_column][\/vc_row][vc_row full_width=\u00bbstretch_row_content\u00bb equal_height=\u00bbyes\u00bb css=\u00bb.vc_custom_1468838183811{margin-bottom: 0px !important;padding-bottom: 0px !important;}\u00bb el_class=\u00bbno-paddings\u00bb][vc_column css=\u00bb.vc_custom_1530698992229{padding-right: 65px !important;padding-left: 100px&#8230;<\/p>\n","protected":false},"author":2,"featured_media":0,"parent":0,"menu_order":0,"comment_status":"closed","ping_status":"closed","template":"","meta":{"footnotes":""},"class_list":["post-25057","page","type-page","status-publish"],"_links":{"self":[{"href":"https:\/\/confesq.org\/index.php?rest_route=\/wp\/v2\/pages\/25057","targetHints":{"allow":["GET"]}}],"collection":[{"href":"https:\/\/confesq.org\/index.php?rest_route=\/wp\/v2\/pages"}],"about":[{"href":"https:\/\/confesq.org\/index.php?rest_route=\/wp\/v2\/types\/page"}],"author":[{"embeddable":true,"href":"https:\/\/confesq.org\/index.php?rest_route=\/wp\/v2\/users\/2"}],"replies":[{"embeddable":true,"href":"https:\/\/confesq.org\/index.php?rest_route=%2Fwp%2Fv2%2Fcomments&post=25057"}],"version-history":[{"count":69,"href":"https:\/\/confesq.org\/index.php?rest_route=\/wp\/v2\/pages\/25057\/revisions"}],"predecessor-version":[{"id":29755,"href":"https:\/\/confesq.org\/index.php?rest_route=\/wp\/v2\/pages\/25057\/revisions\/29755"}],"wp:attachment":[{"href":"https:\/\/confesq.org\/index.php?rest_route=%2Fwp%2Fv2%2Fmedia&parent=25057"}],"curies":[{"name":"wp","href":"https:\/\/api.w.org\/{rel}","templated":true}]}}